{"id":38,"date":"2024-11-18T12:09:04","date_gmt":"2024-11-18T11:09:04","guid":{"rendered":"http:\/\/ainohabernal.com\/?page_id=38"},"modified":"2024-11-19T09:55:58","modified_gmt":"2024-11-19T08:55:58","slug":"blog","status":"publish","type":"page","link":"https:\/\/ainohabernal.com\/ca\/blog\/","title":{"rendered":"Noticies i casos"},"content":{"rendered":"<div class=\"wp-block-query is-layout-flow wp-block-query-is-layout-flow\"><ul class=\"columns-3 wp-block-post-template is-layout-grid wp-container-core-post-template-is-layout-572542b5 wp-block-post-template-is-layout-grid\"><li class=\"wp-block-post post-207 post type-post status-publish format-standard has-post-thumbnail hentry category-noticias\">\n\n<div class=\"wp-block-group has-border-color has-vivid-red-border-color has-global-padding is-layout-constrained wp-block-group-is-layout-constrained\" style=\"border-width:2px\">\n<div class=\"wp-block-group has-global-padding is-layout-constrained wp-block-group-is-layout-constrained\"><figure style=\"aspect-ratio:16\/9;\" class=\"news-thumb-wrap wp-block-post-featured-image\"><a href=\"https:\/\/ainohabernal.com\/ca\/2024\/11\/17\/espana-se-situa-a-la-cabeza-mundial-en-implantes-dentales-con-dos-millones-colocados-en-el-ultimo-ano\/\" target=\"_self\"  ><img loading=\"lazy\" decoding=\"async\" width=\"852\" height=\"1280\" src=\"https:\/\/ainohabernal.com\/wp-content\/uploads\/2024\/11\/dentist-114266_1280.jpg\" class=\"attachment-post-thumbnail size-post-thumbnail wp-post-image\" alt=\"Espa\u00f1a se sit\u00faa a la cabeza mundial en implantes dentales con dos millones colocados en el \u00faltimo a\u00f1o\" style=\"width:100%;height:100%;object-fit:cover;\" srcset=\"https:\/\/ainohabernal.com\/wp-content\/uploads\/2024\/11\/dentist-114266_1280.jpg 852w, https:\/\/ainohabernal.com\/wp-content\/uploads\/2024\/11\/dentist-114266_1280-200x300.jpg 200w, https:\/\/ainohabernal.com\/wp-content\/uploads\/2024\/11\/dentist-114266_1280-682x1024.jpg 682w, https:\/\/ainohabernal.com\/wp-content\/uploads\/2024\/11\/dentist-114266_1280-768x1154.jpg 768w, https:\/\/ainohabernal.com\/wp-content\/uploads\/2024\/11\/dentist-114266_1280-8x12.jpg 8w\" sizes=\"auto, (max-width: 852px) 100vw, 852px\" \/><\/a><\/figure><\/div>\n\n\n\n<div class=\"wp-block-group has-white-background-color has-background has-global-padding is-layout-constrained wp-container-core-group-is-layout-1462e3a0 wp-block-group-is-layout-constrained\" style=\"margin-top:0px;padding-top:30px;padding-right:30px;padding-bottom:30px;padding-left:30px\"><h5 style=\"font-style:normal;font-weight:600;line-height:1.2;\" class=\"wp-block-post-title has-large-font-size\"><a href=\"https:\/\/ainohabernal.com\/ca\/2024\/11\/17\/espana-se-situa-a-la-cabeza-mundial-en-implantes-dentales-con-dos-millones-colocados-en-el-ultimo-ano\/\" target=\"_self\" >Espanya es situa al r\u00e0nking mundial en implants dentals amb dos milions col\u00b7locats en l'\u00faltim any<\/a><\/h5>\n\n<div class=\"wp-block-post-excerpt\"><p class=\"wp-block-post-excerpt__excerpt\">Amb un 20% de preval\u00e8ncia, l'enfermetat periimplantaria centra les investigacions per prevenir-la i erradicar-la<\/p><p class=\"wp-block-post-excerpt__more-text\"><a class=\"wp-block-post-excerpt__more-link\" href=\"https:\/\/ainohabernal.com\/ca\/2024\/11\/17\/espana-se-situa-a-la-cabeza-mundial-en-implantes-dentales-con-dos-millones-colocados-en-el-ultimo-ano\/\">Llegir +<\/a><\/p><\/div><\/div>\n<\/div>\n\n<\/li><li class=\"wp-block-post post-179 post type-post status-publish format-standard has-post-thumbnail hentry category-noticias\">\n\n<div class=\"wp-block-group has-border-color has-vivid-red-border-color has-global-padding is-layout-constrained wp-block-group-is-layout-constrained\" style=\"border-width:2px\">\n<div class=\"wp-block-group has-global-padding is-layout-constrained wp-block-group-is-layout-constrained\"><figure style=\"aspect-ratio:16\/9;\" class=\"news-thumb-wrap wp-block-post-featured-image\"><a href=\"https:\/\/ainohabernal.com\/ca\/2024\/11\/16\/sedacion-consciente-y-sus-beneficios-en-odontologia\/\" target=\"_self\"  ><img loading=\"lazy\" decoding=\"async\" width=\"1280\" height=\"853\" src=\"https:\/\/ainohabernal.com\/wp-content\/uploads\/2024\/11\/dental-5130686_1280.jpg\" class=\"attachment-post-thumbnail size-post-thumbnail wp-post-image\" alt=\"Sedaci\u00f3n consciente y sus beneficios en odontolog\u00eda y en la ansiedad de los pacientes\" style=\"width:100%;height:100%;object-fit:cover;\" srcset=\"https:\/\/ainohabernal.com\/wp-content\/uploads\/2024\/11\/dental-5130686_1280.jpg 1280w, https:\/\/ainohabernal.com\/wp-content\/uploads\/2024\/11\/dental-5130686_1280-300x200.jpg 300w, https:\/\/ainohabernal.com\/wp-content\/uploads\/2024\/11\/dental-5130686_1280-1024x682.jpg 1024w, https:\/\/ainohabernal.com\/wp-content\/uploads\/2024\/11\/dental-5130686_1280-768x512.jpg 768w, https:\/\/ainohabernal.com\/wp-content\/uploads\/2024\/11\/dental-5130686_1280-18x12.jpg 18w\" sizes=\"auto, (max-width: 1280px) 100vw, 1280px\" \/><\/a><\/figure><\/div>\n\n\n\n<div class=\"wp-block-group has-white-background-color has-background has-global-padding is-layout-constrained wp-container-core-group-is-layout-1462e3a0 wp-block-group-is-layout-constrained\" style=\"margin-top:0px;padding-top:30px;padding-right:30px;padding-bottom:30px;padding-left:30px\"><h5 style=\"font-style:normal;font-weight:600;line-height:1.2;\" class=\"wp-block-post-title has-large-font-size\"><a href=\"https:\/\/ainohabernal.com\/ca\/2024\/11\/16\/sedacion-consciente-y-sus-beneficios-en-odontologia\/\" target=\"_self\" >Sedaci\u00f3 conscient i els seus beneficis en odontologia i en l'ansietat dels pacients<\/a><\/h5>\n\n<div class=\"wp-block-post-excerpt\"><p class=\"wp-block-post-excerpt__excerpt\">Encara avui en dia, s\u00f3n moltes les persones, especialment nens, que temen el moment d'acudir al dentista, o...<\/p><p class=\"wp-block-post-excerpt__more-text\"><a class=\"wp-block-post-excerpt__more-link\" href=\"https:\/\/ainohabernal.com\/ca\/2024\/11\/16\/sedacion-consciente-y-sus-beneficios-en-odontologia\/\">Llegir +<\/a><\/p><\/div><\/div>\n<\/div>\n\n<\/li><li class=\"wp-block-post post-192 post type-post status-publish format-standard has-post-thumbnail hentry category-noticias\">\n\n<div class=\"wp-block-group has-border-color has-vivid-red-border-color has-global-padding is-layout-constrained wp-block-group-is-layout-constrained\" style=\"border-width:2px\">\n<div class=\"wp-block-group has-global-padding is-layout-constrained wp-block-group-is-layout-constrained\"><figure style=\"aspect-ratio:16\/9;\" class=\"news-thumb-wrap wp-block-post-featured-image\"><a href=\"https:\/\/ainohabernal.com\/ca\/2024\/11\/12\/viii-phday-2024-inteligencia-artificial-y-nuevas-tecnologias-en-la-odontologia\/\" target=\"_self\"  ><img loading=\"lazy\" decoding=\"async\" width=\"1280\" height=\"832\" src=\"https:\/\/ainohabernal.com\/wp-content\/uploads\/2024\/11\/lemon-4920227_1280.jpg\" class=\"attachment-post-thumbnail size-post-thumbnail wp-post-image\" alt=\"VIII PhDay 2024: inteligencia artificial y nuevas tecnolog\u00edas en la Odontolog\u00eda\" style=\"width:100%;height:100%;object-fit:cover;\" srcset=\"https:\/\/ainohabernal.com\/wp-content\/uploads\/2024\/11\/lemon-4920227_1280.jpg 1280w, https:\/\/ainohabernal.com\/wp-content\/uploads\/2024\/11\/lemon-4920227_1280-300x195.jpg 300w, https:\/\/ainohabernal.com\/wp-content\/uploads\/2024\/11\/lemon-4920227_1280-1024x666.jpg 1024w, https:\/\/ainohabernal.com\/wp-content\/uploads\/2024\/11\/lemon-4920227_1280-768x499.jpg 768w, https:\/\/ainohabernal.com\/wp-content\/uploads\/2024\/11\/lemon-4920227_1280-18x12.jpg 18w\" sizes=\"auto, (max-width: 1280px) 100vw, 1280px\" \/><\/a><\/figure><\/div>\n\n\n\n<div class=\"wp-block-group has-white-background-color has-background has-global-padding is-layout-constrained wp-container-core-group-is-layout-1462e3a0 wp-block-group-is-layout-constrained\" style=\"margin-top:0px;padding-top:30px;padding-right:30px;padding-bottom:30px;padding-left:30px\"><h5 style=\"font-style:normal;font-weight:600;line-height:1.2;\" class=\"wp-block-post-title has-large-font-size\"><a href=\"https:\/\/ainohabernal.com\/ca\/2024\/11\/12\/viii-phday-2024-inteligencia-artificial-y-nuevas-tecnologias-en-la-odontologia\/\" target=\"_self\" >VIII PhDay 2024: intel\u00b7lig\u00e8ncia artificial i noves tecnologies en l'Odontologia<\/a><\/h5>\n\n<div class=\"wp-block-post-excerpt\"><p class=\"wp-block-post-excerpt__excerpt\">El passat 5 de novembre la Facultat d'Odontologia de la Universitat Complutense de Madrid va ser l'escenari per la...<\/p><p class=\"wp-block-post-excerpt__more-text\"><a class=\"wp-block-post-excerpt__more-link\" href=\"https:\/\/ainohabernal.com\/ca\/2024\/11\/12\/viii-phday-2024-inteligencia-artificial-y-nuevas-tecnologias-en-la-odontologia\/\">Llegir +<\/a><\/p><\/div><\/div>\n<\/div>\n\n<\/li><li class=\"wp-block-post post-190 post type-post status-publish format-standard has-post-thumbnail hentry category-noticias\">\n\n<div class=\"wp-block-group has-border-color has-vivid-red-border-color has-global-padding is-layout-constrained wp-block-group-is-layout-constrained\" style=\"border-width:2px\">\n<div class=\"wp-block-group has-global-padding is-layout-constrained wp-block-group-is-layout-constrained\"><figure style=\"aspect-ratio:16\/9;\" class=\"news-thumb-wrap wp-block-post-featured-image\"><a href=\"https:\/\/ainohabernal.com\/ca\/2024\/11\/11\/ana-pastor-a-m-a-pone-en-valor-la-ia-en-odontologia-y-advierte-de-los-retos-en-su-uso\/\" target=\"_self\"  ><img loading=\"lazy\" decoding=\"async\" width=\"1280\" height=\"600\" src=\"https:\/\/ainohabernal.com\/wp-content\/uploads\/2024\/11\/woman-3498849_1280.jpg\" class=\"attachment-post-thumbnail size-post-thumbnail wp-post-image\" alt=\"Ana Pastor (A.M.A.) pone en valor la IA en Odontolog\u00eda y advierte de los retos en su uso\" style=\"width:100%;height:100%;object-fit:cover;\" srcset=\"https:\/\/ainohabernal.com\/wp-content\/uploads\/2024\/11\/woman-3498849_1280.jpg 1280w, https:\/\/ainohabernal.com\/wp-content\/uploads\/2024\/11\/woman-3498849_1280-300x141.jpg 300w, https:\/\/ainohabernal.com\/wp-content\/uploads\/2024\/11\/woman-3498849_1280-1024x480.jpg 1024w, https:\/\/ainohabernal.com\/wp-content\/uploads\/2024\/11\/woman-3498849_1280-768x360.jpg 768w, https:\/\/ainohabernal.com\/wp-content\/uploads\/2024\/11\/woman-3498849_1280-18x8.jpg 18w\" sizes=\"auto, (max-width: 1280px) 100vw, 1280px\" \/><\/a><\/figure><\/div>\n\n\n\n<div class=\"wp-block-group has-white-background-color has-background has-global-padding is-layout-constrained wp-container-core-group-is-layout-1462e3a0 wp-block-group-is-layout-constrained\" style=\"margin-top:0px;padding-top:30px;padding-right:30px;padding-bottom:30px;padding-left:30px\"><h5 style=\"font-style:normal;font-weight:600;line-height:1.2;\" class=\"wp-block-post-title has-large-font-size\"><a href=\"https:\/\/ainohabernal.com\/ca\/2024\/11\/11\/ana-pastor-a-m-a-pone-en-valor-la-ia-en-odontologia-y-advierte-de-los-retos-en-su-uso\/\" target=\"_self\" >Ana Pastor (A.M.A.) pone en valor la IA en Odontolog\u00eda y advierte de los retos en su uso<\/a><\/h5>\n\n<div class=\"wp-block-post-excerpt\"><p class=\"wp-block-post-excerpt__excerpt\">La presidenta de A.M.A. Grupo,\u00a0Ana Pastor, ha liderado y moderado una Mesa sobre \u201cOdontolog\u00eda digital e IA: Aspectos legales y&hellip;<\/p><p class=\"wp-block-post-excerpt__more-text\"><a class=\"wp-block-post-excerpt__more-link\" href=\"https:\/\/ainohabernal.com\/ca\/2024\/11\/11\/ana-pastor-a-m-a-pone-en-valor-la-ia-en-odontologia-y-advierte-de-los-retos-en-su-uso\/\">Llegir +<\/a><\/p><\/div><\/div>\n<\/div>\n\n<\/li><li class=\"wp-block-post post-215 post type-post status-publish format-standard has-post-thumbnail hentry category-noticias\">\n\n<div class=\"wp-block-group has-border-color has-vivid-red-border-color has-global-padding is-layout-constrained wp-block-group-is-layout-constrained\" style=\"border-width:2px\">\n<div class=\"wp-block-group has-global-padding is-layout-constrained wp-block-group-is-layout-constrained\"><figure style=\"aspect-ratio:16\/9;\" class=\"news-thumb-wrap wp-block-post-featured-image\"><a href=\"https:\/\/ainohabernal.com\/ca\/2024\/10\/31\/que-se-necesita-para-especializarse-en-odontologia-forense\/\" target=\"_self\"  ><img loading=\"lazy\" decoding=\"async\" width=\"695\" height=\"465\" src=\"https:\/\/ainohabernal.com\/wp-content\/uploads\/2024\/11\/Odontologia-forense-GDentalk.jpg\" class=\"attachment-post-thumbnail size-post-thumbnail wp-post-image\" alt=\"\u00bfQu\u00e9 se necesita para especializarse en Odontolog\u00eda forense?\" style=\"width:100%;height:100%;object-fit:cover;\" srcset=\"https:\/\/ainohabernal.com\/wp-content\/uploads\/2024\/11\/Odontologia-forense-GDentalk.jpg 695w, https:\/\/ainohabernal.com\/wp-content\/uploads\/2024\/11\/Odontologia-forense-GDentalk-300x201.jpg 300w, https:\/\/ainohabernal.com\/wp-content\/uploads\/2024\/11\/Odontologia-forense-GDentalk-18x12.jpg 18w\" sizes=\"auto, (max-width: 695px) 100vw, 695px\" \/><\/a><\/figure><\/div>\n\n\n\n<div class=\"wp-block-group has-white-background-color has-background has-global-padding is-layout-constrained wp-container-core-group-is-layout-1462e3a0 wp-block-group-is-layout-constrained\" style=\"margin-top:0px;padding-top:30px;padding-right:30px;padding-bottom:30px;padding-left:30px\"><h5 style=\"font-style:normal;font-weight:600;line-height:1.2;\" class=\"wp-block-post-title has-large-font-size\"><a href=\"https:\/\/ainohabernal.com\/ca\/2024\/10\/31\/que-se-necesita-para-especializarse-en-odontologia-forense\/\" target=\"_self\" >\u00bfQu\u00e9 se necesita para especializarse en Odontolog\u00eda forense?<\/a><\/h5>\n\n<div class=\"wp-block-post-excerpt\"><p class=\"wp-block-post-excerpt__excerpt\">La Odontolog\u00eda forense es una herramienta fundamental para la identificaci\u00f3n de restos humanos en investigaciones legales, juicios y cat\u00e1strofes.<\/p><p class=\"wp-block-post-excerpt__more-text\"><a class=\"wp-block-post-excerpt__more-link\" href=\"https:\/\/ainohabernal.com\/ca\/2024\/10\/31\/que-se-necesita-para-especializarse-en-odontologia-forense\/\">Llegir +<\/a><\/p><\/div><\/div>\n<\/div>\n\n<\/li><li class=\"wp-block-post post-197 post type-post status-publish format-standard has-post-thumbnail hentry category-noticias\">\n\n<div class=\"wp-block-group has-border-color has-vivid-red-border-color has-global-padding is-layout-constrained wp-block-group-is-layout-constrained\" style=\"border-width:2px\">\n<div class=\"wp-block-group has-global-padding is-layout-constrained wp-block-group-is-layout-constrained\"><figure style=\"aspect-ratio:16\/9;\" class=\"news-thumb-wrap wp-block-post-featured-image\"><a href=\"https:\/\/ainohabernal.com\/ca\/2024\/10\/28\/profesorado-de-odontologia-participa-en-una-mision-bucodental-de-cirugia-solidaria-en-senegal\/\" target=\"_self\"  ><img loading=\"lazy\" decoding=\"async\" width=\"1280\" height=\"853\" src=\"https:\/\/ainohabernal.com\/wp-content\/uploads\/2024\/11\/toothbrush-2751212_1280.jpg\" class=\"attachment-post-thumbnail size-post-thumbnail wp-post-image\" alt=\"Profesorado de Odontolog\u00eda participa en misi\u00f3n de Cirug\u00eda Solidaria\" style=\"width:100%;height:100%;object-fit:cover;\" srcset=\"https:\/\/ainohabernal.com\/wp-content\/uploads\/2024\/11\/toothbrush-2751212_1280.jpg 1280w, https:\/\/ainohabernal.com\/wp-content\/uploads\/2024\/11\/toothbrush-2751212_1280-300x200.jpg 300w, https:\/\/ainohabernal.com\/wp-content\/uploads\/2024\/11\/toothbrush-2751212_1280-1024x682.jpg 1024w, https:\/\/ainohabernal.com\/wp-content\/uploads\/2024\/11\/toothbrush-2751212_1280-768x512.jpg 768w, https:\/\/ainohabernal.com\/wp-content\/uploads\/2024\/11\/toothbrush-2751212_1280-18x12.jpg 18w\" sizes=\"auto, (max-width: 1280px) 100vw, 1280px\" \/><\/a><\/figure><\/div>\n\n\n\n<div class=\"wp-block-group has-white-background-color has-background has-global-padding is-layout-constrained wp-container-core-group-is-layout-1462e3a0 wp-block-group-is-layout-constrained\" style=\"margin-top:0px;padding-top:30px;padding-right:30px;padding-bottom:30px;padding-left:30px\"><h5 style=\"font-style:normal;font-weight:600;line-height:1.2;\" class=\"wp-block-post-title has-large-font-size\"><a href=\"https:\/\/ainohabernal.com\/ca\/2024\/10\/28\/profesorado-de-odontologia-participa-en-una-mision-bucodental-de-cirugia-solidaria-en-senegal\/\" target=\"_self\" >Profesorado de Odontolog\u00eda participa en misi\u00f3n de Cirug\u00eda Solidaria<\/a><\/h5>\n\n<div class=\"wp-block-post-excerpt\"><p class=\"wp-block-post-excerpt__excerpt\">La ONG murciana\u00a0Cirug\u00eda Solidaria, vinculada estrechamente a trav\u00e9s de profesorado a la Universidad de Murcia, ha desarrollado a lo largo&hellip;<\/p><p class=\"wp-block-post-excerpt__more-text\"><a class=\"wp-block-post-excerpt__more-link\" href=\"https:\/\/ainohabernal.com\/ca\/2024\/10\/28\/profesorado-de-odontologia-participa-en-una-mision-bucodental-de-cirugia-solidaria-en-senegal\/\">Llegir +<\/a><\/p><\/div><\/div>\n<\/div>\n\n<\/li><li class=\"wp-block-post post-213 post type-post status-publish format-standard has-post-thumbnail hentry category-noticias\">\n\n<div class=\"wp-block-group has-border-color has-vivid-red-border-color has-global-padding is-layout-constrained wp-block-group-is-layout-constrained\" style=\"border-width:2px\">\n<div class=\"wp-block-group has-global-padding is-layout-constrained wp-block-group-is-layout-constrained\"><figure style=\"aspect-ratio:16\/9;\" class=\"news-thumb-wrap wp-block-post-featured-image\"><a href=\"https:\/\/ainohabernal.com\/ca\/2024\/10\/22\/entrega-de-los-xii-premios-a-la-excelencia-en-los-estudios-de-odontologia\/\" target=\"_self\"  ><img loading=\"lazy\" decoding=\"async\" width=\"853\" height=\"1280\" src=\"https:\/\/ainohabernal.com\/wp-content\/uploads\/2024\/11\/dentist-2589771_1280-e1731938002156.jpg\" class=\"attachment-post-thumbnail size-post-thumbnail wp-post-image\" alt=\"Entrega de los XII Premios a la Excelencia en los estudios de Odontolog\u00eda\" style=\"width:100%;height:100%;object-fit:cover;\" srcset=\"https:\/\/ainohabernal.com\/wp-content\/uploads\/2024\/11\/dentist-2589771_1280-e1731938002156.jpg 853w, https:\/\/ainohabernal.com\/wp-content\/uploads\/2024\/11\/dentist-2589771_1280-e1731938002156-200x300.jpg 200w, https:\/\/ainohabernal.com\/wp-content\/uploads\/2024\/11\/dentist-2589771_1280-e1731938002156-682x1024.jpg 682w, https:\/\/ainohabernal.com\/wp-content\/uploads\/2024\/11\/dentist-2589771_1280-e1731938002156-768x1152.jpg 768w, https:\/\/ainohabernal.com\/wp-content\/uploads\/2024\/11\/dentist-2589771_1280-e1731938002156-8x12.jpg 8w\" sizes=\"auto, (max-width: 853px) 100vw, 853px\" \/><\/a><\/figure><\/div>\n\n\n\n<div class=\"wp-block-group has-white-background-color has-background has-global-padding is-layout-constrained wp-container-core-group-is-layout-1462e3a0 wp-block-group-is-layout-constrained\" style=\"margin-top:0px;padding-top:30px;padding-right:30px;padding-bottom:30px;padding-left:30px\"><h5 style=\"font-style:normal;font-weight:600;line-height:1.2;\" class=\"wp-block-post-title has-large-font-size\"><a href=\"https:\/\/ainohabernal.com\/ca\/2024\/10\/22\/entrega-de-los-xii-premios-a-la-excelencia-en-los-estudios-de-odontologia\/\" target=\"_self\" >Entrega de los XII Premios a la Excelencia en los estudios de Odontolog\u00eda<\/a><\/h5>\n\n<div class=\"wp-block-post-excerpt\"><p class=\"wp-block-post-excerpt__excerpt\">Un a\u00f1o m\u00e1s, el sal\u00f3n de actos de la\u00a0Facultad de Odontolog\u00eda de la Universidad Complutense\u00a0de Madrid acogi\u00f3 la entrega de\u00a0Premios&hellip;<\/p><p class=\"wp-block-post-excerpt__more-text\"><a class=\"wp-block-post-excerpt__more-link\" href=\"https:\/\/ainohabernal.com\/ca\/2024\/10\/22\/entrega-de-los-xii-premios-a-la-excelencia-en-los-estudios-de-odontologia\/\">Llegir +<\/a><\/p><\/div><\/div>\n<\/div>\n\n<\/li><li class=\"wp-block-post post-209 post type-post status-publish format-standard has-post-thumbnail hentry category-sin-categoria\">\n\n<div class=\"wp-block-group has-border-color has-vivid-red-border-color has-global-padding is-layout-constrained wp-block-group-is-layout-constrained\" style=\"border-width:2px\">\n<div class=\"wp-block-group has-global-padding is-layout-constrained wp-block-group-is-layout-constrained\"><figure style=\"aspect-ratio:16\/9;\" class=\"news-thumb-wrap wp-block-post-featured-image\"><a href=\"https:\/\/ainohabernal.com\/ca\/2024\/09\/19\/soy-estudiante-de-odontologia-y-esto-es-lo-que-he-dejado-de-hacer-desde-que-empece-la-carrera\/\" target=\"_self\"  ><img loading=\"lazy\" decoding=\"async\" width=\"1280\" height=\"724\" src=\"https:\/\/ainohabernal.com\/wp-content\/uploads\/2024\/11\/dentist-8729628_1280.jpg\" class=\"attachment-post-thumbnail size-post-thumbnail wp-post-image\" alt=\"Soy estudiante de Odontolog\u00eda y esto es lo que he dejado de hacer\" style=\"width:100%;height:100%;object-fit:cover;\" srcset=\"https:\/\/ainohabernal.com\/wp-content\/uploads\/2024\/11\/dentist-8729628_1280.jpg 1280w, https:\/\/ainohabernal.com\/wp-content\/uploads\/2024\/11\/dentist-8729628_1280-300x170.jpg 300w, https:\/\/ainohabernal.com\/wp-content\/uploads\/2024\/11\/dentist-8729628_1280-1024x579.jpg 1024w, https:\/\/ainohabernal.com\/wp-content\/uploads\/2024\/11\/dentist-8729628_1280-768x434.jpg 768w, https:\/\/ainohabernal.com\/wp-content\/uploads\/2024\/11\/dentist-8729628_1280-18x10.jpg 18w\" sizes=\"auto, (max-width: 1280px) 100vw, 1280px\" \/><\/a><\/figure><\/div>\n\n\n\n<div class=\"wp-block-group has-white-background-color has-background has-global-padding is-layout-constrained wp-container-core-group-is-layout-1462e3a0 wp-block-group-is-layout-constrained\" style=\"margin-top:0px;padding-top:30px;padding-right:30px;padding-bottom:30px;padding-left:30px\"><h5 style=\"font-style:normal;font-weight:600;line-height:1.2;\" class=\"wp-block-post-title has-large-font-size\"><a href=\"https:\/\/ainohabernal.com\/ca\/2024\/09\/19\/soy-estudiante-de-odontologia-y-esto-es-lo-que-he-dejado-de-hacer-desde-que-empece-la-carrera\/\" target=\"_self\" >Soy estudiante de Odontolog\u00eda y esto es lo que he dejado de hacer<\/a><\/h5>\n\n<div class=\"wp-block-post-excerpt\"><p class=\"wp-block-post-excerpt__excerpt\">Carlos est\u00e1 estudiando odontolog\u00eda y ha modificado algunos aspectos de su rutina de cepillado de dientes desde que sus estudios&hellip;<\/p><p class=\"wp-block-post-excerpt__more-text\"><a class=\"wp-block-post-excerpt__more-link\" href=\"https:\/\/ainohabernal.com\/ca\/2024\/09\/19\/soy-estudiante-de-odontologia-y-esto-es-lo-que-he-dejado-de-hacer-desde-que-empece-la-carrera\/\">Llegir +<\/a><\/p><\/div><\/div>\n<\/div>\n\n<\/li><\/ul>\n\n<\/div>","protected":false},"excerpt":{"rendered":"","protected":false},"author":1,"featured_media":0,"parent":0,"menu_order":0,"comment_status":"closed","ping_status":"closed","template":"","meta":{"footnotes":""},"class_list":["post-38","page","type-page","status-publish","hentry"],"yoast_head":"<!-- This site is optimized with the Yoast SEO plugin v27.5 - https:\/\/yoast.com\/product\/yoast-seo-wordpress\/ -->\n<title>Noticias y Casos - Dra. Ainoha Bernal<\/title>\n<meta name=\"robots\" content=\"index, follow, max-snippet:-1, max-image-preview:large, max-video-preview:-1\" \/>\n<link rel=\"canonical\" href=\"https:\/\/ainohabernal.com\/ca\/blog\/\" \/>\n<meta property=\"og:locale\" content=\"ca_ES\" \/>\n<meta property=\"og:type\" content=\"article\" \/>\n<meta property=\"og:title\" content=\"Noticias y Casos - Dra. Ainoha Bernal\" \/>\n<meta property=\"og:url\" content=\"https:\/\/ainohabernal.com\/ca\/blog\/\" \/>\n<meta property=\"og:site_name\" content=\"Dra. Ainoha Bernal\" \/>\n<meta property=\"article:modified_time\" content=\"2024-11-19T08:55:58+00:00\" \/>\n<meta name=\"twitter:card\" content=\"summary_large_image\" \/>\n<meta name=\"twitter:label1\" content=\"Temps estimat de lectura\" \/>\n\t<meta name=\"twitter:data1\" content=\"1 minut\" \/>\n<script type=\"application\/ld+json\" class=\"yoast-schema-graph\">{\"@context\":\"https:\\\/\\\/schema.org\",\"@graph\":[{\"@type\":\"WebPage\",\"@id\":\"https:\\\/\\\/ainohabernal.com\\\/blog\\\/\",\"url\":\"https:\\\/\\\/ainohabernal.com\\\/blog\\\/\",\"name\":\"Noticias y Casos - Dra. Ainoha Bernal\",\"isPartOf\":{\"@id\":\"https:\\\/\\\/ainohabernal.com\\\/#website\"},\"datePublished\":\"2024-11-18T11:09:04+00:00\",\"dateModified\":\"2024-11-19T08:55:58+00:00\",\"breadcrumb\":{\"@id\":\"https:\\\/\\\/ainohabernal.com\\\/blog\\\/#breadcrumb\"},\"inLanguage\":\"ca\",\"potentialAction\":[{\"@type\":\"ReadAction\",\"target\":[\"https:\\\/\\\/ainohabernal.com\\\/blog\\\/\"]}]},{\"@type\":\"BreadcrumbList\",\"@id\":\"https:\\\/\\\/ainohabernal.com\\\/blog\\\/#breadcrumb\",\"itemListElement\":[{\"@type\":\"ListItem\",\"position\":1,\"name\":\"Portada\",\"item\":\"https:\\\/\\\/ainohabernal.com\\\/\"},{\"@type\":\"ListItem\",\"position\":2,\"name\":\"Noticias y Casos\"}]},{\"@type\":\"WebSite\",\"@id\":\"https:\\\/\\\/ainohabernal.com\\\/#website\",\"url\":\"https:\\\/\\\/ainohabernal.com\\\/\",\"name\":\"Ainoha Bernal\",\"description\":\"Odontolog\u00eda General\",\"publisher\":{\"@id\":\"https:\\\/\\\/ainohabernal.com\\\/#organization\"},\"potentialAction\":[{\"@type\":\"SearchAction\",\"target\":{\"@type\":\"EntryPoint\",\"urlTemplate\":\"https:\\\/\\\/ainohabernal.com\\\/?s={search_term_string}\"},\"query-input\":{\"@type\":\"PropertyValueSpecification\",\"valueRequired\":true,\"valueName\":\"search_term_string\"}}],\"inLanguage\":\"ca\"},{\"@type\":\"Organization\",\"@id\":\"https:\\\/\\\/ainohabernal.com\\\/#organization\",\"name\":\"Ainoha Bernal\",\"url\":\"https:\\\/\\\/ainohabernal.com\\\/\",\"logo\":{\"@type\":\"ImageObject\",\"inLanguage\":\"ca\",\"@id\":\"https:\\\/\\\/ainohabernal.com\\\/#\\\/schema\\\/logo\\\/image\\\/\",\"url\":\"https:\\\/\\\/ainohabernal.com\\\/wp-content\\\/uploads\\\/2024\\\/11\\\/Captura_de_pantalla_2024-11-18_111157-transformed-1.png\",\"contentUrl\":\"https:\\\/\\\/ainohabernal.com\\\/wp-content\\\/uploads\\\/2024\\\/11\\\/Captura_de_pantalla_2024-11-18_111157-transformed-1.png\",\"width\":2392,\"height\":788,\"caption\":\"Ainoha Bernal\"},\"image\":{\"@id\":\"https:\\\/\\\/ainohabernal.com\\\/#\\\/schema\\\/logo\\\/image\\\/\"}}]}<\/script>\n<!-- \/ Yoast SEO plugin. -->","yoast_head_json":{"title":"Noticias y Casos - Dra. Ainoha Bernal","robots":{"index":"index","follow":"follow","max-snippet":"max-snippet:-1","max-image-preview":"max-image-preview:large","max-video-preview":"max-video-preview:-1"},"canonical":"https:\/\/ainohabernal.com\/ca\/blog\/","og_locale":"ca_ES","og_type":"article","og_title":"Noticias y Casos - Dra. Ainoha Bernal","og_url":"https:\/\/ainohabernal.com\/ca\/blog\/","og_site_name":"Dra. Ainoha Bernal","article_modified_time":"2024-11-19T08:55:58+00:00","twitter_card":"summary_large_image","twitter_misc":{"Temps estimat de lectura":"1 minut"},"schema":{"@context":"https:\/\/schema.org","@graph":[{"@type":"WebPage","@id":"https:\/\/ainohabernal.com\/blog\/","url":"https:\/\/ainohabernal.com\/blog\/","name":"Noticias y Casos - Dra. Ainoha Bernal","isPartOf":{"@id":"https:\/\/ainohabernal.com\/#website"},"datePublished":"2024-11-18T11:09:04+00:00","dateModified":"2024-11-19T08:55:58+00:00","breadcrumb":{"@id":"https:\/\/ainohabernal.com\/blog\/#breadcrumb"},"inLanguage":"ca","potentialAction":[{"@type":"ReadAction","target":["https:\/\/ainohabernal.com\/blog\/"]}]},{"@type":"BreadcrumbList","@id":"https:\/\/ainohabernal.com\/blog\/#breadcrumb","itemListElement":[{"@type":"ListItem","position":1,"name":"Portada","item":"https:\/\/ainohabernal.com\/"},{"@type":"ListItem","position":2,"name":"Noticias y Casos"}]},{"@type":"WebSite","@id":"https:\/\/ainohabernal.com\/#website","url":"https:\/\/ainohabernal.com\/","name":"Ainoha Bernal","description":"Odontologia General","publisher":{"@id":"https:\/\/ainohabernal.com\/#organization"},"potentialAction":[{"@type":"SearchAction","target":{"@type":"EntryPoint","urlTemplate":"https:\/\/ainohabernal.com\/?s={search_term_string}"},"query-input":{"@type":"PropertyValueSpecification","valueRequired":true,"valueName":"search_term_string"}}],"inLanguage":"ca"},{"@type":"Organization","@id":"https:\/\/ainohabernal.com\/#organization","name":"Ainoha Bernal","url":"https:\/\/ainohabernal.com\/","logo":{"@type":"ImageObject","inLanguage":"ca","@id":"https:\/\/ainohabernal.com\/#\/schema\/logo\/image\/","url":"https:\/\/ainohabernal.com\/wp-content\/uploads\/2024\/11\/Captura_de_pantalla_2024-11-18_111157-transformed-1.png","contentUrl":"https:\/\/ainohabernal.com\/wp-content\/uploads\/2024\/11\/Captura_de_pantalla_2024-11-18_111157-transformed-1.png","width":2392,"height":788,"caption":"Ainoha Bernal"},"image":{"@id":"https:\/\/ainohabernal.com\/#\/schema\/logo\/image\/"}}]}},"_links":{"self":[{"href":"https:\/\/ainohabernal.com\/ca\/wp-json\/wp\/v2\/pages\/38","targetHints":{"allow":["GET"]}}],"collection":[{"href":"https:\/\/ainohabernal.com\/ca\/wp-json\/wp\/v2\/pages"}],"about":[{"href":"https:\/\/ainohabernal.com\/ca\/wp-json\/wp\/v2\/types\/page"}],"author":[{"embeddable":true,"href":"https:\/\/ainohabernal.com\/ca\/wp-json\/wp\/v2\/users\/1"}],"replies":[{"embeddable":true,"href":"https:\/\/ainohabernal.com\/ca\/wp-json\/wp\/v2\/comments?post=38"}],"version-history":[{"count":4,"href":"https:\/\/ainohabernal.com\/ca\/wp-json\/wp\/v2\/pages\/38\/revisions"}],"predecessor-version":[{"id":226,"href":"https:\/\/ainohabernal.com\/ca\/wp-json\/wp\/v2\/pages\/38\/revisions\/226"}],"wp:attachment":[{"href":"https:\/\/ainohabernal.com\/ca\/wp-json\/wp\/v2\/media?parent=38"}],"curies":[{"name":"wp","href":"https:\/\/api.w.org\/{rel}","templated":true}]}}